{"id":40,"date":"2013-05-14T14:49:34","date_gmt":"2013-05-14T12:49:34","guid":{"rendered":"http:\/\/rinschbachtal.de\/news\/?page_id=40"},"modified":"2015-03-30T01:14:48","modified_gmt":"2015-03-29T23:14:48","slug":"ffw-hemsbach","status":"publish","type":"page","link":"https:\/\/rinschbachtal.de\/news\/?page_id=40","title":{"rendered":"Feuerwehr"},"content":{"rendered":"<h1 style=\"text-align: center;\">\u00a0\u00a0Freiwillige Feuerwehr Hemsbach<\/h1>\n<p style=\"text-align: center;\"><b>Willkommen bei der Freiwilligen Feuerwehr Hemsbach<\/b><\/p>\n<p><a href=\"https:\/\/rinschbachtal.de\/news\/wp-content\/uploads\/2015\/03\/FFW-Hemsb-Dez14a.jpg\" target=\"_blank\"><img loading=\"lazy\" decoding=\"async\" class=\"aligncenter wp-image-662 \" src=\"https:\/\/rinschbachtal.de\/news\/wp-content\/uploads\/2015\/03\/FFW-Hemsb-Dez14a-300x145.jpg\" alt=\"FFW Hemsb Dez14a\" width=\"434\" height=\"210\" srcset=\"https:\/\/rinschbachtal.de\/news\/wp-content\/uploads\/2015\/03\/FFW-Hemsb-Dez14a-300x145.jpg 300w, https:\/\/rinschbachtal.de\/news\/wp-content\/uploads\/2015\/03\/FFW-Hemsb-Dez14a.jpg 1024w\" sizes=\"auto, (max-width: 434px) 100vw, 434px\" \/><\/a><\/p>\n<p style=\"text-align: center;\">Aktuelles Mannschaftsfoto\u00a0mit Jugend &#8211; Feuerwehr. (Dez. 2014)<\/p>\n<p>Unsere FFW &#8211; Hemsbach Internetseite wird wieder aktualisiert. Wer Interesse hat, kann uns auf unserer\u00a0Seite gerne besuchen. Wir freuen uns auf deinen\/Ihren Besuch.<\/p>\n<p>&nbsp;<\/p>\n<p><span style=\"text-decoration: underline;\"><b>Vorl\u00e4ufige Terminliste f\u00fcr\u00a0das Jahr 2015<\/b><\/span><\/p>\n<table style=\"height: 339px;\" border=\"0\" width=\"830\" cellspacing=\"0\" cellpadding=\"0\">\n<tbody>\n<tr>\n<td valign=\"top\" width=\"48\">Montag<\/td>\n<td valign=\"top\" width=\"255\">23. M\u00e4rz 2015, 19 Uhr<\/td>\n<td valign=\"top\" width=\"328\">\u00dcbung Geb\u00e4udebrand<\/td>\n<\/tr>\n<tr>\n<td valign=\"top\" width=\"48\"><span style=\"color: #ff0000;\">Samstag<\/span><\/td>\n<td valign=\"top\" width=\"255\"><span style=\"color: #ff0000;\">18. April 2015, 19:30 Uhr<\/span><\/td>\n<td valign=\"top\" width=\"328\"><span style=\"color: #ff0000;\">Jahreshauptversammlung der FFW Hemsbach<br \/>\nim Gasthaus Rinschbachtal<br \/>\n<\/span><\/td>\n<\/tr>\n<tr>\n<td valign=\"top\" width=\"48\"><span style=\"font-size: small;\">Donnerstag<\/span><\/td>\n<td valign=\"top\" width=\"255\"><span style=\"font-size: small;\">23. April 2015, 19:15 Uhr<\/span><\/td>\n<td valign=\"top\" width=\"328\"><span style=\"font-size: small;\">\u00dcbung mit FFW Osterburken und SEG<\/span><\/td>\n<\/tr>\n<tr>\n<td valign=\"top\" width=\"48\"><span style=\"font-size: small;\">Montag<\/span><\/td>\n<td valign=\"top\" width=\"255\"><span style=\"font-size: small;\">27. April 2015, 17:30 Uhr<\/span><\/td>\n<td valign=\"top\" width=\"328\"><span style=\"font-size: small;\">Maibaum f\u00e4llen<\/span><\/td>\n<\/tr>\n<tr>\n<td valign=\"top\" width=\"48\"><span style=\"font-size: small;\">Donnerstag<\/span><\/td>\n<td valign=\"top\" width=\"255\"><span style=\"font-size: small;\">30. April 2015,\u00a0 17 Uhr \/ 18 Uhr<\/span><\/td>\n<td valign=\"top\" width=\"328\"><span style=\"font-size: small;\">Maibaum stellen\/Abendveranstaltung<\/span><\/td>\n<\/tr>\n<tr>\n<td valign=\"top\" width=\"48\"><span style=\"font-size: small;\">Montag <\/span><\/td>\n<td valign=\"top\" width=\"255\"><span style=\"font-size: small;\">18. Mai 2015,\u00a0 19 Uhr<\/span><\/td>\n<td valign=\"top\" width=\"328\"><span style=\"font-size: small;\">Arbeitseinsatz FFW Ger\u00e4tehaus<\/span><\/td>\n<\/tr>\n<tr>\n<td valign=\"top\" width=\"48\"><span style=\"font-size: small;\">Montag<\/span><\/td>\n<td valign=\"top\" width=\"255\"><span style=\"font-size: small;\">29. Juni 2015, 19:15 Uhr<\/span><\/td>\n<td valign=\"top\" width=\"328\"><span style=\"font-size: small;\">Wasserf\u00f6rderung \u00fcber lange Strecke<\/span><\/td>\n<\/tr>\n<tr>\n<td valign=\"top\" width=\"48\"><span style=\"font-size: small;\">Montag<\/span><\/td>\n<td valign=\"top\" width=\"255\"><span style=\"font-size: small;\">20. Juli 2015, 18 Uhr<\/span><\/td>\n<td valign=\"top\" width=\"328\"><span style=\"font-size: small;\">Feuerwehr\u00fcbung mit FFW Bofsheim in Hemsbach<\/span><\/td>\n<\/tr>\n<tr>\n<td valign=\"top\" width=\"48\"><span style=\"font-size: small;\">Samstag<\/span><\/td>\n<td valign=\"top\" width=\"255\"><span style=\"font-size: small;\">01. August 2015, 14 Uhr<\/span><\/td>\n<td valign=\"top\" width=\"328\"><span style=\"font-size: small;\">Kinderferienaktion in Hemsbach<\/span><\/td>\n<\/tr>\n<tr>\n<td valign=\"top\" width=\"48\"><span style=\"font-size: small;\">Montag<\/span><\/td>\n<td valign=\"top\" width=\"255\"><span style=\"font-size: small;\">24. Oktober 2015, 14 Uhr<\/span><\/td>\n<td valign=\"top\" width=\"328\"><span style=\"font-size: small;\">Feuerwehr\u00fcbung<\/span><\/td>\n<\/tr>\n<tr>\n<td valign=\"top\" width=\"48\"><span style=\"font-size: small;\">Samstag<\/span><\/td>\n<td valign=\"top\" width=\"255\"><span style=\"font-size: small;\">18. November 2015,\u00a0 19 Uhr<\/span><\/td>\n<td valign=\"top\" width=\"328\"><span style=\"font-size: small;\">Herbstabschluss\u00fcbung<\/span><\/td>\n<\/tr>\n<tr>\n<td valign=\"top\" width=\"48\"><span style=\"font-size: small;\">Montag <\/span><\/td>\n<td valign=\"top\" width=\"255\"><span style=\"font-size: small;\">16. November 2015, 19 Uhr<\/span><\/td>\n<td valign=\"top\" width=\"328\"><span style=\"font-size: small;\">Ger\u00e4te Winterfestigkeit<\/span><\/td>\n<\/tr>\n<\/tbody>\n<\/table>\n<p><span style=\"font-size: small;\">Hier kann die Terminliste\u00a0f\u00fcr 2015 als PDF &#8211; Datei geladen werden. <a title=\"\u00dcbungstermine 2015\" href=\"https:\/\/rinschbachtal.de\/news\/?p=680\" target=\"_blank\">(hier klicken)<\/a><\/span><\/p>\n<p><span style=\"color: #ff0000; text-decoration: underline;\"><strong>Jahreshauptversammlung 2015 \u2013 am Samstag 18. April<br \/>\nAchtung! &#8211; Versammlung findet im Gasthaus Rinschbachtal statt.<\/strong><\/span><\/p>\n<p>Unsere diesj\u00e4hrige Jahreshauptversammlung der Freiwilligen Feuerwehr Hemsbach findet nicht wie angek\u00fcndigt im Gemeindesaal sondern im <strong><span style=\"color: #ff0000;\">Gasthaus Rinschbachtal<\/span><\/strong> statt. Beginn der Sitzung ist 19:30 Uhr. Wie jedes Jahr wird nach der Sitzung ein Essen gereicht. Die Feuerwehr Kammeraden werden gebeten in Uniform zu erscheinen. <a title=\"Einladung JHV 2015\" href=\"https:\/\/rinschbachtal.de\/news\/?p=683\" target=\"_blank\">(Einladung hier klicken)<\/a><\/p>\n<p><span style=\"text-decoration: underline;\"><strong>Neues Mannschaftsfoto Dez. 2014<\/strong><\/span><\/p>\n<p>Anl\u00e4sslich des 150 J\u00e4hrigen Jubil\u00e4ums der Hauptfeuerwehr Osterburken trafen sich die Kameraden der Freiwilligen Feuerwehr Abteilung Hemsbach um ein aktuelles Mannschaftsfoto zu erstellen. Leider setzte an dem geplanten Termin starker Schneefall ein, so entstand dieses Foto mit gesamter Mannschaft und den Mitgliedern der Jugendfeuerwehr vor unserem Feuerwehrger\u00e4tehaus. Das tats\u00e4chliche Mannschaftsfoto wurde im Gemeindesaal angefertigt.<\/p>\n<p>&nbsp;<\/p>\n<h2><span style=\"text-decoration: underline;\"><span style=\"color: #ff0000; text-decoration: underline;\">Archivbereich &#8211; FFW Hemsbach<\/span><\/span><\/h2>\n<p><span style=\"font-size: small;\"><b><span style=\"text-decoration: underline;\"><span style=\"font-size: small;\">Danke an die Helfer anl\u00e4sslich unseres Feuerwehrfest zum 70. Jubil\u00e4um.<\/span><\/span><\/b><\/span><\/p>\n<p><span style=\"font-size: small;\">Die Freiwillige Feuerwehr Hemsbach bedankt sich ganz herzlich bei allen Helfern, die uns<\/span><span style=\"font-family: Trebuchet MS;\"><span style=\"font-family: Trebuchet MS;\"><span style=\"font-size: small;\">\u00a0 <\/span><span style=\"font-size: small;\">anl\u00e4sslich des 70 J\u00e4hrigen Jubil\u00e4um bei unserem<\/span><\/span><span style=\"font-size: small;\">\u00a0 <\/span><span style=\"font-size: small;\">Feuerwehr- und Dorffest tatkr\u00e4ftig unterst\u00fctzt haben. Ebenso bedanken wir uns f\u00fcr die zahlreichen Kuchen-<\/span><span style=\"font-size: small;\">\u00a0 <\/span><span style=\"font-size: small;\">und Salatspenden, wir konnten alles restlos verkaufen. Ein gro\u00dfes Dankesch\u00f6n an die Mitarbeiterinnen, Kinder und Eltern des Evangelischen Kindergarten Hemsbach f\u00fcr die aktive Mitarbeit am Festprogramm, welches bei den Besuchern gro\u00dfen Anklang fand. Vielen Dank an den Fanfarenzug Osterburken f\u00fcr die musikalische Umrahmung des Festaktes.<\/span><span style=\"font-size: small;\">\u00a0 <\/span><span style=\"font-size: small;\">Danke an das Gasthaus Rinschbachtal und die Familie Kasunic f\u00fcr die Bereitstellung des Festzeltes und einer Sachspende, ebenso an Egon W\u00f6rner f\u00fcr seine Spende und an unsere Jugendfeuerwehr.<\/span><span style=\"font-size: small;\">\u00a0 <\/span><span style=\"font-size: small;\">Nicht zuletzt herzlichen Dank an die vielen Besucher und Mitglieder der Gastwehren f\u00fcr die Teilnahme an unseren Festlichkeiten. <\/span><\/span>(Juli 2012)<\/p>\n<p><span style=\"font-size: small;\"><b><span style=\"text-decoration: underline;\"><span style=\"font-size: small;\">Bilder und Berichte zu unserem 70. Jubil\u00e4um am 15. Juli 2012<\/span><\/span><\/b><\/span><\/p>\n<p><span style=\"font-size: small;\">Nachdem wir unser 70 Jubil\u00e4um erfolgreich gefeiert haben und auch das neue Feuerwehr &#8211; Ger\u00e4tehaus seiner Bestimmung \u00fcbergeben wurde, habe ich Berichte und Fotos auf unsere Internet &#8211; Seite ver\u00f6ffentlicht. Wer Interesse hat &#8211; viel Spa\u00df beim Anschauen. <\/span>(Juli 2012)<\/p>\n<p><span style=\"font-size: small;\"><b><span style=\"text-decoration: underline;\"><span style=\"font-size: small;\">Anbau an das Feuerwehrger\u00e4tehaus Hemsbach vor der Fertigstellung<\/span><\/span><\/b><\/span><\/p>\n<p><span style=\"font-size: small;\">Durch die Beseitigung des alten Pumpen- und Waagenhauses und der Erstellung des neuen Dorfbrunnens in Hemsbach, hat die <\/span><span style=\"font-size: small;\"> Freiwillige Feuerwehr Hemsbach Lagerfl\u00e4che, f\u00fcr Hochwasserschutz, unsere zweite Pumpe, Schl\u00e4uche, Schilder usw., verloren. <\/span><span style=\"font-size: small;\"> Eine Renovierung der alten Bausubstanz (Pumpenhaus und Waagenhaus) war finanziell nicht mehr sinnvoll, deshalb wurde <\/span><span style=\"font-size: small;\"> zeitgleich ein Anbau an das bestehende Feuerwehr Ger\u00e4tehaus von der Stadtverwaltung und dem Ortschaftrat vorgeschlagen. <\/span><span style=\"font-size: small;\"> Diese Idee wurde von der Feuerwehr Hemsbach bereitwillig aufgenommen. Gegenw\u00e4rtig sind ein Teil der Feuerwehrger\u00e4te in <\/span><span style=\"font-size: small;\"> einer Scheune der Familie Hofmann untergebracht. <\/span><span style=\"font-size: small;\"> Zusammen mit der Verwaltung der Stadt Osterburken, dem Orschaftsrat Hemsbach und der Freiwilligen Feuerwehr\u00a0Hemsbach <\/span><span style=\"font-size: small;\"> wurde kurzfristig nach Abschluss der Planungen im Herbst 2011 mit dem Bau des Ger\u00e4tehauses begonnen. <\/span><span style=\"font-size: small;\"> Die Arbeiten wurden durch die Mitarbeiter des Bauhofs Osterburken, Herrn Uwe Frey und Otto Bachert z\u00fcgig und zur vollen <\/span><span style=\"font-size: small;\"> Zufriedenheit der \u00a0Feuerwehr erstellt. Ortsvorsteher Christoph Gross sorgt f\u00fcr\u00a0die technische Kl\u00e4rung und Umsetzung der <\/span><span style=\"font-size: small;\"> Baumassnahme. Bodenplatte, Rohbau und Dach, sowie die Spenglerarbeiten wurden noch im Jahr 2011 fertiggestellt. T\u00fcr und <\/span><span style=\"font-size: small;\"> Fenster wurden im Februar 2011 zeitgerecht eingebaut. Somit ist die Fertigstellung des Anbaus rechtzeitig bis zur geplanten <\/span><span style=\"font-size: small;\"> Einweihung des Geb\u00e4udes zu unserem 70 J\u00e4hrigen Feuerwehr Jubil\u00e4um, sichergestellt. Die Freiwillige Feuerwehr Hemsbach <\/span><span style=\"font-size: small;\"> bedankt sich schon jetzt bei allen Beteiligten f\u00fcr die geleisteten Arbeiten.\u00a0\u00a0\u00a0 <\/span>(Feb.2012)<\/p>\n<p><b><span style=\"text-decoration: underline;\"><span style=\"font-size: small;\">Rege Teilnahme an den Jugendaktionen der FFW &#8211; Hemsbach<\/span><\/span><\/b><\/p>\n<p><span style=\"font-size: small;\">Im September und November 2011 hat die Freiwillige Feuerwehr Hemsbach zu jeweils zwei &#8222;Jugendaktionen&#8220; eingeladen. <\/span><span style=\"font-size: small;\"> Dazu\u00a0sind fast alle Kinder und Jugendlichen mit Alter \u00fcber 10 Jahre aus Hemsbach in unser Gemeindehaus gekommen. <\/span><span style=\"font-size: small;\"> Es wurde ein interessantes, kurzweiliges Programm f\u00fcr die Kinder angeboten. So stand bei diesen Veranstaltungen eine <\/span><span style=\"font-size: small;\"> Tischtennisplatte und eine Dart-Anlage zur Verf\u00fcgung. Bei einem &#8222;Feuerwehr &#8211; Quiz konnten die Feuerwehr &#8211; interessierten <\/span><span style=\"font-size: small;\"> Jugendlichen ihr Wissen zeigen. Die M\u00e4dchen und Jungen sollen einmal den\u00a0 Nachwuchs f\u00fcr unseren Verein bilden, deshalb <\/span><span style=\"font-size: small;\"> ist diese Jugendarbeit f\u00fcr uns von gro\u00dfer Bedeutung. <\/span><span style=\"font-size: small;\"> F\u00fcr den 17. Februar 2012 ist um 18 Uhr eine weitere Jugendaktion geplant.\u00a0 <\/span>(Feb. 2012)<\/p>\n<p><b><span style=\"text-decoration: underline;\">Bericht zur Jahreshauptversammlung der Hemsbacher Feuerwehr 2011: Ehrungen f\u00fcr vier Feuerwehrm\u00e4nner<\/span><\/b><\/p>\n<p><span style=\"font-size: small;\">\u00a0Kurz &#8211; aber auch kurzweilig &#8211; war die Jahreshauptversammlung der Hemsbacher Abteilungsfeuerwehr am Freitag, bei der Rolf Gehrig und Frank Hofmann das Feuerwehrehrenzeichen in Silber f\u00fcr 25-j\u00e4hrige aktive T\u00e4tigkeit in der Feuerwehr erhielten. Vor kurzem waren bei den Ehrungen der Gesamtwehr bereits Reinhold W\u00f6rner und Albert Hamann f\u00fcr 40-j\u00e4hrige Zugeh\u00f6rigkeit ausgezeichnet worden. Schriftf\u00fchrer Christian Granitzer hatte eine Bildershow \u00fcber die Aktivit\u00e4ten des vergangenen Jahres vorbereitet. <\/span><\/p>\n<p>15 Mann betrug 2010 die Tagesst\u00e4rke der Wehr, so Abteilungskommandant Thomas Heilmann. Die Alterswehr umfasst zus\u00e4tzlich noch zwei Feuerwehrm\u00e4nner. Neben den monatlichen \u00dcbungen, dem traditionellen Maibaumstellen und der Verkehrsregelung beim Martinsumzug musste die Abteilungswehr zu zwei Eins\u00e4tzen ausr\u00fccken, einmal bei einer \u00d6lspurbeseitigung sowie bei einem Scheunenbrand im Histotainment-Park Adventon. Auch an der j\u00e4hrlichen Hauptabschluss\u00fcbung und verschiedenen Festlichkeiten nahm man teil. F\u00fcr die Durchf\u00fchrung eines Ausflugs zur Fr\u00e4nkischen Seenplatte im Juli vergangenen Jahres dankte der Kommandant Christian Granitzer und Harald Rudolf.<\/p>\n<p>Schriftf\u00fchrer Christian Granitzer blickte zun\u00e4chst auf die letzte Jahreshauptversammlung zur\u00fcck, als der damalige Kommandant Gerald Klein nach 25-j\u00e4hriger T\u00e4tigkeit ausschied und zum Ehrenkommandanten ernannt wurde. Bei der Maibaumaufstellung waren wieder viele Hemsbacher B\u00fcrger dabei. 40 Teilnehmer machten sich auf zum Feuerwehrausflug nach Dinkelsb\u00fchl und zur Fr\u00e4nkischen Seenplatte. Die Kinder-Ferienaktion zusammen mit der Feuerwehr Osterburken lockte im vergangenen Jahr 40 Kinder an, was der bisherige H\u00f6chststand war. Daneben gab es noch mehrere Feierlichkeiten wie die Hochzeit eines Kameraden und den 80. Geburtstag des Alt-Kommandanten Friedbert Gehrig.<\/p>\n<p>Nur durch das Werben f\u00fcr die Feuerwehr, so Granitzer, k\u00f6nne man f\u00fcr die Zukunft sicherstellen, dass gen\u00fcgend Nachwuchs mitmache. Die Wehr habe den F\u00fchrungswechsel gut gemeistert und die Kameradschaft sei intakt. Die Feuerwehr f\u00f6rdert durch Veranstaltungen und Aktionen das Zusammenleben in unserem Ort, sagte der Schriftf\u00fchrer. Er wies auf anstehende Termine hin, so findet am 30. April die Maibaumaufstellung statt, am 23. Juli ein Feuerwehrausflug nach Bamberg und am 30. Juli die Kinderferienaktion. Kassenwart Peter Watzal sagte, dass sich durch den letztj\u00e4hrigen Feuerwehrausflug der Kassenstand etwas reduziert habe.<\/p>\n<p>In den n\u00e4chsten Monaten steht der Umbau des Feuerwehrhauses an, denn dieses soll einen Anbau bekommen. B\u00fcrgermeister J\u00fcrgen Galm sagte in seinem Gru\u00dfwort, die Vorarbeiten hierf\u00fcr seien im Gange. Er attestierte der Wehr Verl\u00e4sslichkeit und gute Kameradschaft und freute sich, dass der Umbau des Feuerwehrhauses neue Nutzungsm\u00f6glichkeiten er\u00f6ffne. Dem schloss sich Ortsvorsteher Christoph Gross an, der dem Ortschaftsrat f\u00fcr die Kooperation in Sachen Feuerwehrhaus dankte und es f\u00fcr wichtig hielt, die Kameradschaft und das Gemeinschaftsgef\u00fchl im Ort durch die Gruppe zu st\u00e4rken.<\/p>\n<p>Stadtkommandant Peter Schmitt dankte f\u00fcr die Unterst\u00fctzung der Osterburkener Wehr durch Hemsbacher Feuerwehrm\u00e4nner und hoffte, dass man weitere Jugendliche f\u00fcr die Belange der Feuerwehr gewinnen k\u00f6nne. Am Ende ehrte der B\u00fcrgermeister, stellvertretend f\u00fcr Kreisbrandmeister Rainer Dietz, Rolf Gehrig und Frank Hofmann f\u00fcr 25-j\u00e4hrige Feuerwehrt\u00e4tigkeit und gratulierte Reinhold W\u00f6rner und Albert Hamann zu ihrer bereits empfangenen Ehrung f\u00fcr 40 Jahre der Mitarbeit.<\/p>\n<p>Pressebericht Julien Christoph 26. M\u00e4rz 2011<\/p>\n<p>Bild mit geehrten Kameraden &#8211; M\u00e4rz 2011 v.l.n.r. B\u00fcrgermeister J\u00fcrgen Galm, Kommandant Thomas Heilmann, Rolf Gehrig, Albert Harmann, Frank Hofmann, Reinhold W\u00f6rner, Stadtkommandant Peter Schmitt, Ortsvorsteher Chris Gross &#8211; (cg)<\/p>\n<p><b>R\u00e4umung des Pumpen und Waagenhauses <\/b>Dezember 2010 (cg)<b><\/b><\/p>\n<p><span style=\"font-size: small;\">Seit dem Stilllegen der Pumpen und der Tierwaage &#8211; Anlagen wurde das Pumpenhaus von der <\/span><span style=\"font-size: small;\"> Freiwilligen Feuerwehr Hemsbach genutzt. Wir hatten die M\u00f6glichkeit unseren alten H\u00e4nger mit <\/span><span style=\"font-size: small;\"> der alten Pumpe unterzubringen. Zus\u00e4tzlich lagerten wir im Pumpenhaus umfangreichen <\/span><span style=\"font-size: small;\"> Hochwasserschutz (bereits abgef\u00fcllte Sands\u00e4cke). Dazu einige Verkehrsschilder, Regale, <\/span><span style=\"font-size: small;\"> Feuerwehrschl\u00e4uche, Schlauchspindel, Regale und nat\u00fcrlich unsere Festzeltganituren. Dies war <\/span><span style=\"font-size: small;\"> notwendig geworden, da der Platz im bestehenden Feuerwehrger\u00e4tehaus durch die Anschaffung <\/span><span style=\"font-size: small;\"> des neuen Manschaftswagens und der neuen Feuerwehr &#8211; Pumpe mit Anh\u00e4nger noch knapper <\/span><span style=\"font-size: small;\"> wurde.<\/span><b><\/b><\/p>\n<p>&nbsp;<\/p>\n<p><span style=\"font-size: small;\">Im Dezember 2010 habe wir das Pumenhau<\/span>s<span style=\"font-size: small;\"> ger\u00e4umt, da sich eine Sanierung nicht mehr rechnt, soll an <\/span><span style=\"font-size: small;\"> dieser Stelle eine Dorfplatzerweiterung entstehen. Somit kann erst mal das Pumpenhaus abgetragen werden.<\/span><\/p>\n<p><b>FFW Hemsbach zum H\u00e4hnchenessen mit Friedbert Gehrig <\/b>Oktober 2010 (cg)<\/p>\n<p><span style=\"font-size: small;\">Anl\u00e4sslich seines 80. Geburtstags hat Friedbert Gehrig die Mitglieder der Freiwillige Feuerwehr Hemsbach zu einem z\u00fcnftigen H\u00e4hnchen essen im Gasthaus Rinschbach eingeladen. Friedbert Gehrig war von 1957 bis 1967 Kommandant der Freiwilligen Feuerwehr in Hemsbach. Bei der Feier mit dabei war auch der ehemalige Kommandant der FFW Hemsbach, Hermann W\u00f6rner, ebenso Ehrenkommandant Gerald Klein und auch der jetzige Kommandant der Abteilungswehr Hemsbach Thomas Heilmann.<\/span><\/p>\n<p><span style=\"font-size: small;\">Bei vielen heiteren Gespr\u00e4chen wurden Erinnerungen der Feuerwehr Veteranen unter den Mitgliedern der Feuerwehr ausgetauscht. Zufrieden zeigte man sich, dass in Hemsbach Feuerwehreins\u00e4tze sehr selten sind, dennoch ist es erforderlich regelm\u00e4\u00dfig \u00dcbungen zu veranstalten. Zus\u00e4tzlich f\u00e4llt der Freiwilligen Feuerwehr die Aufgabe zu, als einer der wenigen aktiver Vereine in Hemsbach immer wieder Aktivit\u00e4ten zu setzen und Veranstaltungen an zu bieten.<\/span><\/p>\n<p><span style=\"font-size: small;\">Die Freiwillige Feuerwehr Hemsbach bedankt sich nochmal ganz herzlich bei Friedbert Gehrig f\u00fcr die nette Einladung.<\/span><\/p>\n<p><a href=\"https:\/\/rinschbachtal.de\/news\/wp-content\/uploads\/2015\/03\/alle-Kommandanten-von-Hemsbach.jpg\" target=\"_blank\"><img loading=\"lazy\" decoding=\"async\" class=\"aligncenter wp-image-672 size-full\" src=\"https:\/\/rinschbachtal.de\/news\/wp-content\/uploads\/2015\/03\/alle-Kommandanten-von-Hemsbach.jpg\" alt=\"alle Kommandanten von Hemsbach\" width=\"640\" height=\"480\" srcset=\"https:\/\/rinschbachtal.de\/news\/wp-content\/uploads\/2015\/03\/alle-Kommandanten-von-Hemsbach.jpg 640w, https:\/\/rinschbachtal.de\/news\/wp-content\/uploads\/2015\/03\/alle-Kommandanten-von-Hemsbach-300x225.jpg 300w\" sizes=\"auto, (max-width: 640px) 100vw, 640px\" \/><\/a><\/p>\n<p>Kommandanten der FFW Hemsbach mit Ortsvorsteher (v.l.n.r.) Gerald Klein, Thomas Heilmann, OV Chris Gross, Friedbert Gehrig, Hermann W\u00f6rner<\/p>\n<p>&nbsp;<\/p>\n","protected":false},"excerpt":{"rendered":"<p>\u00a0\u00a0Freiwillige Feuerwehr Hemsbach Willkommen bei der Freiwilligen Feuerwehr Hemsbach Aktuelles Mannschaftsfoto\u00a0mit Jugend &#8211; Feuerwehr. (Dez. 2014) Unsere FFW &#8211; Hemsbach Internetseite wird wieder aktualisiert. Wer Interesse hat, kann uns auf unserer\u00a0Seite gerne besuchen. Wir freuen uns auf deinen\/Ihren Besuch. &nbsp; Vorl\u00e4ufige Terminliste f\u00fcr\u00a0das Jahr 2015 Montag 23. M\u00e4rz 2015, 19 Uhr \u00dcbung Geb\u00e4udebrand Samstag 18. [&hellip;]<\/p>\n","protected":false},"author":1,"featured_media":246,"parent":0,"menu_order":3,"comment_status":"closed","ping_status":"closed","template":"","meta":{"footnotes":""},"class_list":["post-40","page","type-page","status-publish","has-post-thumbnail","hentry"],"_links":{"self":[{"href":"https:\/\/rinschbachtal.de\/news\/index.php?rest_route=\/wp\/v2\/pages\/40","targetHints":{"allow":["GET"]}}],"collection":[{"href":"https:\/\/rinschbachtal.de\/news\/index.php?rest_route=\/wp\/v2\/pages"}],"about":[{"href":"https:\/\/rinschbachtal.de\/news\/index.php?rest_route=\/wp\/v2\/types\/page"}],"author":[{"embeddable":true,"href":"https:\/\/rinschbachtal.de\/news\/index.php?rest_route=\/wp\/v2\/users\/1"}],"replies":[{"embeddable":true,"href":"https:\/\/rinschbachtal.de\/news\/index.php?rest_route=%2Fwp%2Fv2%2Fcomments&post=40"}],"version-history":[{"count":45,"href":"https:\/\/rinschbachtal.de\/news\/index.php?rest_route=\/wp\/v2\/pages\/40\/revisions"}],"predecessor-version":[{"id":692,"href":"https:\/\/rinschbachtal.de\/news\/index.php?rest_route=\/wp\/v2\/pages\/40\/revisions\/692"}],"wp:featuredmedia":[{"embeddable":true,"href":"https:\/\/rinschbachtal.de\/news\/index.php?rest_route=\/wp\/v2\/media\/246"}],"wp:attachment":[{"href":"https:\/\/rinschbachtal.de\/news\/index.php?rest_route=%2Fwp%2Fv2%2Fmedia&parent=40"}],"curies":[{"name":"wp","href":"https:\/\/api.w.org\/{rel}","templated":true}]}}